{"id":568,"date":"2022-06-28T18:37:44","date_gmt":"2022-06-28T16:37:44","guid":{"rendered":"https:\/\/www.cmap.cat\/?page_id=568"},"modified":"2022-07-18T15:10:09","modified_gmt":"2022-07-18T13:10:09","slug":"politica-de-privacidad-cmap","status":"publish","type":"page","link":"https:\/\/www.cmap.cat\/es\/politica-de-privacidad-cmap\/","title":{"rendered":"Pol\u00edtica de privacidad en las redes sociales"},"content":{"rendered":"<div data-elementor-type=\"wp-page\" data-elementor-id=\"568\" class=\"elementor elementor-568\" data-elementor-post-type=\"page\">\n\t\t\t\t\t\t<section class=\"elementor-section elementor-top-section elementor-element elementor-element-60d3674 elementor-section-boxed elementor-section-height-default elementor-section-height-default\" data-id=\"60d3674\" data-element_type=\"section\">\n\t\t\t\t\t\t<div class=\"elementor-container elementor-column-gap-default\">\n\t\t\t\t\t<div class=\"elementor-column elementor-col-100 elementor-top-column elementor-element elementor-element-2ee14fb\" data-id=\"2ee14fb\" data-element_type=\"column\">\n\t\t\t<div class=\"elementor-widget-wrap elementor-element-populated\">\n\t\t\t\t\t\t<div class=\"elementor-element elementor-element-f30ee57 elementor-widget elementor-widget-spacer\" data-id=\"f30ee57\" data-element_type=\"widget\" data-widget_type=\"spacer.default\">\n\t\t\t\t<div class=\"elementor-widget-container\">\n\t\t\t<style>\/*! elementor - v3.21.0 - 26-05-2024 *\/\n.elementor-column .elementor-spacer-inner{height:var(--spacer-size)}.e-con{--container-widget-width:100%}.e-con-inner>.elementor-widget-spacer,.e-con>.elementor-widget-spacer{width:var(--container-widget-width,var(--spacer-size));--align-self:var(--container-widget-align-self,initial);--flex-shrink:0}.e-con-inner>.elementor-widget-spacer>.elementor-widget-container,.e-con>.elementor-widget-spacer>.elementor-widget-container{height:100%;width:100%}.e-con-inner>.elementor-widget-spacer>.elementor-widget-container>.elementor-spacer,.e-con>.elementor-widget-spacer>.elementor-widget-container>.elementor-spacer{height:100%}.e-con-inner>.elementor-widget-spacer>.elementor-widget-container>.elementor-spacer>.elementor-spacer-inner,.e-con>.elementor-widget-spacer>.elementor-widget-container>.elementor-spacer>.elementor-spacer-inner{height:var(--container-widget-height,var(--spacer-size))}.e-con-inner>.elementor-widget-spacer.elementor-widget-empty,.e-con>.elementor-widget-spacer.elementor-widget-empty{position:relative;min-height:22px;min-width:22px}.e-con-inner>.elementor-widget-spacer.elementor-widget-empty .elementor-widget-empty-icon,.e-con>.elementor-widget-spacer.elementor-widget-empty .elementor-widget-empty-icon{position:absolute;top:0;bottom:0;left:0;right:0;margin:auto;padding:0;width:22px;height:22px}<\/style>\t\t<div class=\"elementor-spacer\">\n\t\t\t<div class=\"elementor-spacer-inner\"><\/div>\n\t\t<\/div>\n\t\t\t\t<\/div>\n\t\t\t\t<\/div>\n\t\t\t\t\t<\/div>\n\t\t<\/div>\n\t\t\t\t\t<\/div>\n\t\t<\/section>\n\t\t\t\t<section class=\"elementor-section elementor-top-section elementor-element elementor-element-102100d elementor-section-boxed elementor-section-height-default elementor-section-height-default\" data-id=\"102100d\" data-element_type=\"section\">\n\t\t\t\t\t\t<div class=\"elementor-container elementor-column-gap-default\">\n\t\t\t\t\t<div class=\"elementor-column elementor-col-100 elementor-top-column elementor-element elementor-element-eb93495\" data-id=\"eb93495\" data-element_type=\"column\">\n\t\t\t<div class=\"elementor-widget-wrap elementor-element-populated\">\n\t\t\t\t\t\t<div class=\"elementor-element elementor-element-536c2f5 elementor-widget elementor-widget-heading\" data-id=\"536c2f5\" data-element_type=\"widget\" data-widget_type=\"heading.default\">\n\t\t\t\t<div class=\"elementor-widget-container\">\n\t\t\t<style>\/*! elementor - v3.21.0 - 26-05-2024 *\/\n.elementor-heading-title{padding:0;margin:0;line-height:1}.elementor-widget-heading .elementor-heading-title[class*=elementor-size-]>a{color:inherit;font-size:inherit;line-height:inherit}.elementor-widget-heading .elementor-heading-title.elementor-size-small{font-size:15px}.elementor-widget-heading .elementor-heading-title.elementor-size-medium{font-size:19px}.elementor-widget-heading .elementor-heading-title.elementor-size-large{font-size:29px}.elementor-widget-heading .elementor-heading-title.elementor-size-xl{font-size:39px}.elementor-widget-heading .elementor-heading-title.elementor-size-xxl{font-size:59px}<\/style><h2 class=\"elementor-heading-title elementor-size-default\">POL\u00cdTICA DE PRIVACIDAD EN LAS REDES SOCIALES<\/h2>\t\t<\/div>\n\t\t\t\t<\/div>\n\t\t\t\t\t<\/div>\n\t\t<\/div>\n\t\t\t\t\t<\/div>\n\t\t<\/section>\n\t\t\t\t<section class=\"elementor-section elementor-top-section elementor-element elementor-element-32d35d0 elementor-section-boxed elementor-section-height-default elementor-section-height-default\" data-id=\"32d35d0\" data-element_type=\"section\">\n\t\t\t\t\t\t<div class=\"elementor-container elementor-column-gap-default\">\n\t\t\t\t\t<div class=\"elementor-column elementor-col-100 elementor-top-column elementor-element elementor-element-752cd1f\" data-id=\"752cd1f\" data-element_type=\"column\">\n\t\t\t<div class=\"elementor-widget-wrap elementor-element-populated\">\n\t\t\t\t\t\t<div class=\"elementor-element elementor-element-479a5c0 elementor-widget elementor-widget-heading\" data-id=\"479a5c0\" data-element_type=\"widget\" data-widget_type=\"heading.default\">\n\t\t\t\t<div class=\"elementor-widget-container\">\n\t\t\t<h2 class=\"elementor-heading-title elementor-size-default\">1. Informaci\u00f3n sobre el responsable del tratamiento de los datos alojados en la p\u00e1gina oficial de CMAP, SL en las redes sociales<\/h2>\t\t<\/div>\n\t\t\t\t<\/div>\n\t\t\t\t\t<\/div>\n\t\t<\/div>\n\t\t\t\t\t<\/div>\n\t\t<\/section>\n\t\t\t\t<section class=\"elementor-section elementor-top-section elementor-element elementor-element-9ef4238 elementor-section-boxed elementor-section-height-default elementor-section-height-default\" data-id=\"9ef4238\" data-element_type=\"section\">\n\t\t\t\t\t\t<div class=\"elementor-container elementor-column-gap-default\">\n\t\t\t\t\t<div class=\"elementor-column elementor-col-100 elementor-top-column elementor-element elementor-element-a3844e4\" data-id=\"a3844e4\" data-element_type=\"column\">\n\t\t\t<div class=\"elementor-widget-wrap elementor-element-populated\">\n\t\t\t\t\t\t<div class=\"elementor-element elementor-element-03bdd27 elementor-widget elementor-widget-text-editor\" data-id=\"03bdd27\" data-element_type=\"widget\" data-widget_type=\"text-editor.default\">\n\t\t\t\t<div class=\"elementor-widget-container\">\n\t\t\t<style>\/*! elementor - v3.21.0 - 26-05-2024 *\/\n.elementor-widget-text-editor.elementor-drop-cap-view-stacked .elementor-drop-cap{background-color:#69727d;color:#fff}.elementor-widget-text-editor.elementor-drop-cap-view-framed .elementor-drop-cap{color:#69727d;border:3px solid;background-color:transparent}.elementor-widget-text-editor:not(.elementor-drop-cap-view-default) .elementor-drop-cap{margin-top:8px}.elementor-widget-text-editor:not(.elementor-drop-cap-view-default) .elementor-drop-cap-letter{width:1em;height:1em}.elementor-widget-text-editor .elementor-drop-cap{float:left;text-align:center;line-height:1;font-size:50px}.elementor-widget-text-editor .elementor-drop-cap-letter{display:inline-block}<\/style>\t\t\t\t<p>De conformidad con el deber de informaci\u00f3n establecido en el Reglamento (UE) 2016\/679 de 27 de abril (GDPR), CMAP, S.L., en lo sucesivo, EL RESPONSABLE, desea poner en conocimiento de los usuarios de esta red social la pol\u00edtica respecto del tratamiento y protecci\u00f3n de los datos de car\u00e1cter personal de aquellas personas que voluntariamente accedan y utilicen la p\u00e1gina oficial DEL RESPONSABLE. El acceso y uso por parte del usuario de esta p\u00e1gina oficial DEL RESPONSABLE, supone que acepta expresamente esta pol\u00edtica de privacidad y que presta su consentimiento para el tratamiento de sus datos personales seg\u00fan lo previsto en la misma.<\/p>\t\t\t\t\t\t<\/div>\n\t\t\t\t<\/div>\n\t\t\t\t\t<\/div>\n\t\t<\/div>\n\t\t\t\t\t<\/div>\n\t\t<\/section>\n\t\t\t\t<section class=\"elementor-section elementor-top-section elementor-element elementor-element-a0b66bd elementor-section-boxed elementor-section-height-default elementor-section-height-default\" data-id=\"a0b66bd\" data-element_type=\"section\">\n\t\t\t\t\t\t<div class=\"elementor-container elementor-column-gap-default\">\n\t\t\t\t\t<div class=\"elementor-column elementor-col-100 elementor-top-column elementor-element elementor-element-1430e53\" data-id=\"1430e53\" data-element_type=\"column\">\n\t\t\t<div class=\"elementor-widget-wrap elementor-element-populated\">\n\t\t\t\t\t\t<div class=\"elementor-element elementor-element-c64003d elementor-widget elementor-widget-heading\" data-id=\"c64003d\" data-element_type=\"widget\" data-widget_type=\"heading.default\">\n\t\t\t\t<div class=\"elementor-widget-container\">\n\t\t\t<h2 class=\"elementor-heading-title elementor-size-default\">2. Datos de menores de edad o incapaces<\/h2>\t\t<\/div>\n\t\t\t\t<\/div>\n\t\t\t\t\t<\/div>\n\t\t<\/div>\n\t\t\t\t\t<\/div>\n\t\t<\/section>\n\t\t\t\t<section class=\"elementor-section elementor-top-section elementor-element elementor-element-aa0dacd elementor-section-boxed elementor-section-height-default elementor-section-height-default\" data-id=\"aa0dacd\" data-element_type=\"section\">\n\t\t\t\t\t\t<div class=\"elementor-container elementor-column-gap-default\">\n\t\t\t\t\t<div class=\"elementor-column elementor-col-100 elementor-top-column elementor-element elementor-element-270a471\" data-id=\"270a471\" data-element_type=\"column\">\n\t\t\t<div class=\"elementor-widget-wrap elementor-element-populated\">\n\t\t\t\t\t\t<div class=\"elementor-element elementor-element-d0a17cb elementor-widget elementor-widget-text-editor\" data-id=\"d0a17cb\" data-element_type=\"widget\" data-widget_type=\"text-editor.default\">\n\t\t\t\t<div class=\"elementor-widget-container\">\n\t\t\t\t\t\t\t<p>El acceso y registro en la red social est\u00e1 prohibido a los menores de catorce (14) a\u00f1os, quedando igualmente prohibido el acceso y uso de los menores de catorce (14 a\u00f1os) en la p\u00e1gina oficial DEL RESPONSABLE. Por otra parte, si el usuario es incapaz, EL RESPONSABLE, advierte que ser\u00e1 necesaria la asistencia consentida del titular de la patria potestad o tutela del usuario o de su representante legal para el acceso y uso de la p\u00e1gina oficial DEL RESPONSABLE.<\/p><p>EL RESPONSABLE, quedar\u00e1 expresamente exonerado de cualquier responsabilidad que pudiera derivarse del uso de su p\u00e1gina oficial por menores e incapaces siendo esa responsabilidad de sus representantes legales en cada caso.<\/p>\t\t\t\t\t\t<\/div>\n\t\t\t\t<\/div>\n\t\t\t\t\t<\/div>\n\t\t<\/div>\n\t\t\t\t\t<\/div>\n\t\t<\/section>\n\t\t\t\t<section class=\"elementor-section elementor-top-section elementor-element elementor-element-10ae4df elementor-section-boxed elementor-section-height-default elementor-section-height-default\" data-id=\"10ae4df\" data-element_type=\"section\">\n\t\t\t\t\t\t<div class=\"elementor-container elementor-column-gap-default\">\n\t\t\t\t\t<div class=\"elementor-column elementor-col-100 elementor-top-column elementor-element elementor-element-90cfc9c\" data-id=\"90cfc9c\" data-element_type=\"column\">\n\t\t\t<div class=\"elementor-widget-wrap elementor-element-populated\">\n\t\t\t\t\t\t<div class=\"elementor-element elementor-element-1b8ae53 elementor-widget elementor-widget-heading\" data-id=\"1b8ae53\" data-element_type=\"widget\" data-widget_type=\"heading.default\">\n\t\t\t\t<div class=\"elementor-widget-container\">\n\t\t\t<h2 class=\"elementor-heading-title elementor-size-default\">3. Identificaci\u00f3n de la raz\u00f3n social del responsable del fichero<\/h2>\t\t<\/div>\n\t\t\t\t<\/div>\n\t\t\t\t\t<\/div>\n\t\t<\/div>\n\t\t\t\t\t<\/div>\n\t\t<\/section>\n\t\t\t\t<section class=\"elementor-section elementor-top-section elementor-element elementor-element-9736446 elementor-section-boxed elementor-section-height-default elementor-section-height-default\" data-id=\"9736446\" data-element_type=\"section\">\n\t\t\t\t\t\t<div class=\"elementor-container elementor-column-gap-default\">\n\t\t\t\t\t<div class=\"elementor-column elementor-col-100 elementor-top-column elementor-element elementor-element-0a9a994\" data-id=\"0a9a994\" data-element_type=\"column\">\n\t\t\t<div class=\"elementor-widget-wrap elementor-element-populated\">\n\t\t\t\t\t\t<div class=\"elementor-element elementor-element-a0d66e7 elementor-widget elementor-widget-text-editor\" data-id=\"a0d66e7\" data-element_type=\"widget\" data-widget_type=\"text-editor.default\">\n\t\t\t\t<div class=\"elementor-widget-container\">\n\t\t\t\t\t\t\t<p>El usuario queda informado de que EL RESPONSABLE, con domicilio social en Balmes, 319 1\u00ba B 08006 Barcelona, \u200b\u200bostenta la condici\u00f3n de responsable de los ficheros y tratamientos a trav\u00e9s de los cuales se recogen y almacenan los datos personales del usuario como consecuencia del registro y uso de la p\u00e1gina oficial DEL RESPONSABLE, en esta red social, sin perjuicio de los tratamientos de los que es responsable la entidad titular de la red social en la que se encuentra nuestra p\u00e1gina oficial.<\/p>\t\t\t\t\t\t<\/div>\n\t\t\t\t<\/div>\n\t\t\t\t\t<\/div>\n\t\t<\/div>\n\t\t\t\t\t<\/div>\n\t\t<\/section>\n\t\t\t\t<section class=\"elementor-section elementor-top-section elementor-element elementor-element-6303218 elementor-section-boxed elementor-section-height-default elementor-section-height-default\" data-id=\"6303218\" data-element_type=\"section\">\n\t\t\t\t\t\t<div class=\"elementor-container elementor-column-gap-default\">\n\t\t\t\t\t<div class=\"elementor-column elementor-col-100 elementor-top-column elementor-element elementor-element-eb027f6\" data-id=\"eb027f6\" data-element_type=\"column\">\n\t\t\t<div class=\"elementor-widget-wrap elementor-element-populated\">\n\t\t\t\t\t\t<div class=\"elementor-element elementor-element-d22bb2b elementor-widget elementor-widget-heading\" data-id=\"d22bb2b\" data-element_type=\"widget\" data-widget_type=\"heading.default\">\n\t\t\t\t<div class=\"elementor-widget-container\">\n\t\t\t<h2 class=\"elementor-heading-title elementor-size-default\">4. Finalidades a las que se destinan los datos de caracter personal, informaci\u00f3n y consentimiento<\/h2>\t\t<\/div>\n\t\t\t\t<\/div>\n\t\t\t\t\t<\/div>\n\t\t<\/div>\n\t\t\t\t\t<\/div>\n\t\t<\/section>\n\t\t\t\t<section class=\"elementor-section elementor-top-section elementor-element elementor-element-5580ab2 elementor-section-boxed elementor-section-height-default elementor-section-height-default\" data-id=\"5580ab2\" data-element_type=\"section\">\n\t\t\t\t\t\t<div class=\"elementor-container elementor-column-gap-default\">\n\t\t\t\t\t<div class=\"elementor-column elementor-col-100 elementor-top-column elementor-element elementor-element-3da8541\" data-id=\"3da8541\" data-element_type=\"column\">\n\t\t\t<div class=\"elementor-widget-wrap elementor-element-populated\">\n\t\t\t\t\t\t<div class=\"elementor-element elementor-element-40f8cc5 elementor-widget elementor-widget-text-editor\" data-id=\"40f8cc5\" data-element_type=\"widget\" data-widget_type=\"text-editor.default\">\n\t\t\t\t<div class=\"elementor-widget-container\">\n\t\t\t\t\t\t\t<p>Los datos personales proporcionados voluntariamente por el usuario a EL RESPONSABLE, a trav\u00e9s de su p\u00e1gina oficial formar\u00e1n parte de un tratamiento de datos responsabilidad del RESPONSABLE, con el fin de ofrecer informaci\u00f3n DEL RESPONSABLE, por correo electr\u00f3nico, SMS, comunidades sociales o cualesquiera otro medio electr\u00f3nico o f\u00edsico, presente o futuro, que posibilite realizar comunicaci\u00f3n comerciales, env\u00edo de newsletter a aquellos usuarios que se suscriban, intercambiar informaci\u00f3n con EL RESPONSABLE y otros usuarios y establecer comunicaci\u00f3n con terceros. Desde el momento en que el usuario utiliza esta p\u00e1gina oficial presta su consentimiento libre, inequ\u00edvoco, espec\u00edfico, informado y expreso para el tratamiento de sus datos personales por EL RESPONSABLE, para la correcta prestaci\u00f3n de estos servicios de acuerdo con lo que establece la presente pol\u00edtica.<\/p><p>El usuario es libre de utilizar la p\u00e1gina oficial DEL RESPONSABLE RESPONSABLE, en esta red social, de modo que en caso de que el usuario no est\u00e9 de acuerdo con el tratamiento de sus datos con estos fines, no debe utilizar ni proporcionar sus datos personales.<\/p><p>A trav\u00e9s de esta p\u00e1gina oficial DEL RESPONSABLE, el usuario puede compartir textos, fotos, v\u00eddeos y otro tipo de informaci\u00f3n y\/o contenidos que estar\u00e1n sujetos tanto a la presente pol\u00edtica como a las Normas y Condiciones de la Plataforma.<\/p><p>El usuario ser\u00e1 responsable de que todos los contenidos que publique respeten la legislaci\u00f3n vigente, la presente pol\u00edtica y las Normas de la Plataforma. El usuario \u00fanicamente podr\u00e1 publicar en esta p\u00e1gina oficial DEL RESPONSABLE, datos personales, fotograf\u00edas e informaciones u otros contenidos cuya titularidad y propiedad le pertenezcan o respecto de las cuales tenga la autorizaci\u00f3n de terceros. EL RESPONSABLE, tendr\u00e1 derecho a eliminar de esta p\u00e1gina oficial &#8211; de forma unilateral y sin previa comunicaci\u00f3n ni autorizaci\u00f3n del usuario- cualesquiera contenidos publicados por el usuario cuando el usuario infrinja o vulnere la legislaci\u00f3n vigente, las normas establecidas en la misma pol\u00edtica y las Normas de la Plataforma.<\/p>\t\t\t\t\t\t<\/div>\n\t\t\t\t<\/div>\n\t\t\t\t\t<\/div>\n\t\t<\/div>\n\t\t\t\t\t<\/div>\n\t\t<\/section>\n\t\t\t\t<section class=\"elementor-section elementor-top-section elementor-element elementor-element-5c3197f elementor-section-boxed elementor-section-height-default elementor-section-height-default\" data-id=\"5c3197f\" data-element_type=\"section\">\n\t\t\t\t\t\t<div class=\"elementor-container elementor-column-gap-default\">\n\t\t\t\t\t<div class=\"elementor-column elementor-col-100 elementor-top-column elementor-element elementor-element-a6f017e\" data-id=\"a6f017e\" data-element_type=\"column\">\n\t\t\t<div class=\"elementor-widget-wrap elementor-element-populated\">\n\t\t\t\t\t\t<div class=\"elementor-element elementor-element-9fb092c elementor-widget elementor-widget-heading\" data-id=\"9fb092c\" data-element_type=\"widget\" data-widget_type=\"heading.default\">\n\t\t\t\t<div class=\"elementor-widget-container\">\n\t\t\t<h2 class=\"elementor-heading-title elementor-size-default\">5. Identificaci\u00f3n de los destinatarios respecto de los cuales CMAP, SL tenga prevista la realizaci\u00f3n de cesiones o comunicaciones de datos<\/h2>\t\t<\/div>\n\t\t\t\t<\/div>\n\t\t\t\t\t<\/div>\n\t\t<\/div>\n\t\t\t\t\t<\/div>\n\t\t<\/section>\n\t\t\t\t<section class=\"elementor-section elementor-top-section elementor-element elementor-element-5c7666f elementor-section-boxed elementor-section-height-default elementor-section-height-default\" data-id=\"5c7666f\" data-element_type=\"section\">\n\t\t\t\t\t\t<div class=\"elementor-container elementor-column-gap-default\">\n\t\t\t\t\t<div class=\"elementor-column elementor-col-100 elementor-top-column elementor-element elementor-element-77dc907\" data-id=\"77dc907\" data-element_type=\"column\">\n\t\t\t<div class=\"elementor-widget-wrap elementor-element-populated\">\n\t\t\t\t\t\t<div class=\"elementor-element elementor-element-cd0559c elementor-widget elementor-widget-text-editor\" data-id=\"cd0559c\" data-element_type=\"widget\" data-widget_type=\"text-editor.default\">\n\t\t\t\t<div class=\"elementor-widget-container\">\n\t\t\t\t\t\t\t<p>Se advierte al usuario que toda la informaci\u00f3n y contenidos que publique en la p\u00e1gina oficial DEL RESPONSABLE, en la red social podr\u00e1 ser conocida por los restantes usuarios de la p\u00e1gina oficial y de la plataforma de red social. En consecuencia, toda la informaci\u00f3n y contenidos publicados por el usuario en la p\u00e1gina oficial DEL RESPONSABLE, en esta red social ser\u00e1 objeto de comunicaci\u00f3n del resto de los usuarios por la propia naturaleza del servicio.<\/p><p>EL RESPONSABLE, \u00fanicamente tiene prevista la realizaci\u00f3n de cesiones o comunicaciones de datos que en raz\u00f3n de la normativa vigente deba realizar a jueces, tribunales, administraciones p\u00fablicas y autoridades competentes de car\u00e1cter administrativo.<\/p>\t\t\t\t\t\t<\/div>\n\t\t\t\t<\/div>\n\t\t\t\t\t<\/div>\n\t\t<\/div>\n\t\t\t\t\t<\/div>\n\t\t<\/section>\n\t\t\t\t<section class=\"elementor-section elementor-top-section elementor-element elementor-element-43f1184 elementor-section-boxed elementor-section-height-default elementor-section-height-default\" data-id=\"43f1184\" data-element_type=\"section\">\n\t\t\t\t\t\t<div class=\"elementor-container elementor-column-gap-default\">\n\t\t\t\t\t<div class=\"elementor-column elementor-col-100 elementor-top-column elementor-element elementor-element-f80f944\" data-id=\"f80f944\" data-element_type=\"column\">\n\t\t\t<div class=\"elementor-widget-wrap elementor-element-populated\">\n\t\t\t\t\t\t<div class=\"elementor-element elementor-element-34cb9f1 elementor-widget elementor-widget-heading\" data-id=\"34cb9f1\" data-element_type=\"widget\" data-widget_type=\"heading.default\">\n\t\t\t\t<div class=\"elementor-widget-container\">\n\t\t\t<h2 class=\"elementor-heading-title elementor-size-default\">6. Otros terceros prestadores de servicios<\/h2>\t\t<\/div>\n\t\t\t\t<\/div>\n\t\t\t\t\t<\/div>\n\t\t<\/div>\n\t\t\t\t\t<\/div>\n\t\t<\/section>\n\t\t\t\t<section class=\"elementor-section elementor-top-section elementor-element elementor-element-ae77990 elementor-section-boxed elementor-section-height-default elementor-section-height-default\" data-id=\"ae77990\" data-element_type=\"section\">\n\t\t\t\t\t\t<div class=\"elementor-container elementor-column-gap-default\">\n\t\t\t\t\t<div class=\"elementor-column elementor-col-100 elementor-top-column elementor-element elementor-element-9f91c26\" data-id=\"9f91c26\" data-element_type=\"column\">\n\t\t\t<div class=\"elementor-widget-wrap elementor-element-populated\">\n\t\t\t\t\t\t<div class=\"elementor-element elementor-element-9a60c55 elementor-widget elementor-widget-text-editor\" data-id=\"9a60c55\" data-element_type=\"widget\" data-widget_type=\"text-editor.default\">\n\t\t\t\t<div class=\"elementor-widget-container\">\n\t\t\t\t\t\t\t<p>EL RESPONSABLE advierte al usuario que esta entidad s\u00f3lo es responsable y garantiza la confidencialidad, seguridad y tratamiento de los datos de acuerdo con la presente pol\u00edtica, respecto de los datos de car\u00e1cter personal que recoja el usuario a trav\u00e9s de la presente p\u00e1gina oficial en esta red social, no teniendo ning\u00fan tipo de responsabilidad respecto de los tratamientos y posteriores utilizaciones de los datos personales que se puedan efectuar tanto por el titular de la red social como por terceros prestadores de servicios de la sociedad de la informaci\u00f3n que pudieran acceder a las mismas datos por raz\u00f3n de la prestaci\u00f3n de sus servicios o ejercicio de su actividad, terceros que establezcan hiperenlaces en la red social, ni de aquellos responsables a los que a trav\u00e9s de hiperenlaces EL RESPONSABLE remite a los usuarios adheridos a la presente p\u00e1gina oficial.<\/p>\t\t\t\t\t\t<\/div>\n\t\t\t\t<\/div>\n\t\t\t\t\t<\/div>\n\t\t<\/div>\n\t\t\t\t\t<\/div>\n\t\t<\/section>\n\t\t\t\t<section class=\"elementor-section elementor-top-section elementor-element elementor-element-8c65b68 elementor-section-boxed elementor-section-height-default elementor-section-height-default\" data-id=\"8c65b68\" data-element_type=\"section\">\n\t\t\t\t\t\t<div class=\"elementor-container elementor-column-gap-default\">\n\t\t\t\t\t<div class=\"elementor-column elementor-col-100 elementor-top-column elementor-element elementor-element-aff8137\" data-id=\"aff8137\" data-element_type=\"column\">\n\t\t\t<div class=\"elementor-widget-wrap elementor-element-populated\">\n\t\t\t\t\t\t<div class=\"elementor-element elementor-element-b1bd3f2 elementor-widget elementor-widget-heading\" data-id=\"b1bd3f2\" data-element_type=\"widget\" data-widget_type=\"heading.default\">\n\t\t\t\t<div class=\"elementor-widget-container\">\n\t\t\t<h2 class=\"elementor-heading-title elementor-size-default\">7. Calidad de los datos<\/h2>\t\t<\/div>\n\t\t\t\t<\/div>\n\t\t\t\t\t<\/div>\n\t\t<\/div>\n\t\t\t\t\t<\/div>\n\t\t<\/section>\n\t\t\t\t<section class=\"elementor-section elementor-top-section elementor-element elementor-element-18c5c01 elementor-section-boxed elementor-section-height-default elementor-section-height-default\" data-id=\"18c5c01\" data-element_type=\"section\">\n\t\t\t\t\t\t<div class=\"elementor-container elementor-column-gap-default\">\n\t\t\t\t\t<div class=\"elementor-column elementor-col-100 elementor-top-column elementor-element elementor-element-f931007\" data-id=\"f931007\" data-element_type=\"column\">\n\t\t\t<div class=\"elementor-widget-wrap elementor-element-populated\">\n\t\t\t\t\t\t<div class=\"elementor-element elementor-element-b953e4b elementor-widget elementor-widget-text-editor\" data-id=\"b953e4b\" data-element_type=\"widget\" data-widget_type=\"text-editor.default\">\n\t\t\t\t<div class=\"elementor-widget-container\">\n\t\t\t\t\t\t\t<p>EL RESPONSABLE advierte al usuario que, salvo la existencia de una representaci\u00f3n legalmente constituida, ning\u00fan usuario puede utilizar la identidad de otra persona y comunicar sus datos personales, de modo que el usuario en todo momento deber\u00e1 tener en cuenta que s\u00f3lo puede proporcionar datos personales correspondientes a su propia identidad y que sean adecuados, pertinentes, actuales, exactos y verdaderos. En cualquier caso, el usuario deber\u00e1 respetar la privacidad de terceros, sean \u00e9stos o no usuarios de la red social o de la p\u00e1gina oficial DEL RESPONSABLE, en la misma.<\/p>\t\t\t\t\t\t<\/div>\n\t\t\t\t<\/div>\n\t\t\t\t\t<\/div>\n\t\t<\/div>\n\t\t\t\t\t<\/div>\n\t\t<\/section>\n\t\t\t\t<section class=\"elementor-section elementor-top-section elementor-element elementor-element-8bcf1ac elementor-section-boxed elementor-section-height-default elementor-section-height-default\" data-id=\"8bcf1ac\" data-element_type=\"section\">\n\t\t\t\t\t\t<div class=\"elementor-container elementor-column-gap-default\">\n\t\t\t\t\t<div class=\"elementor-column elementor-col-100 elementor-top-column elementor-element elementor-element-e036a66\" data-id=\"e036a66\" data-element_type=\"column\">\n\t\t\t<div class=\"elementor-widget-wrap elementor-element-populated\">\n\t\t\t\t\t\t<div class=\"elementor-element elementor-element-9eb363e elementor-widget elementor-widget-heading\" data-id=\"9eb363e\" data-element_type=\"widget\" data-widget_type=\"heading.default\">\n\t\t\t\t<div class=\"elementor-widget-container\">\n\t\t\t<h2 class=\"elementor-heading-title elementor-size-default\">8. Derechos que asisten al interesado<\/h2>\t\t<\/div>\n\t\t\t\t<\/div>\n\t\t\t\t\t<\/div>\n\t\t<\/div>\n\t\t\t\t\t<\/div>\n\t\t<\/section>\n\t\t\t\t<section class=\"elementor-section elementor-top-section elementor-element elementor-element-c5a584e elementor-section-boxed elementor-section-height-default elementor-section-height-default\" data-id=\"c5a584e\" data-element_type=\"section\">\n\t\t\t\t\t\t<div class=\"elementor-container elementor-column-gap-default\">\n\t\t\t\t\t<div class=\"elementor-column elementor-col-100 elementor-top-column elementor-element elementor-element-1983782\" data-id=\"1983782\" data-element_type=\"column\">\n\t\t\t<div class=\"elementor-widget-wrap elementor-element-populated\">\n\t\t\t\t\t\t<div class=\"elementor-element elementor-element-b40b9cd elementor-widget elementor-widget-text-editor\" data-id=\"b40b9cd\" data-element_type=\"widget\" data-widget_type=\"text-editor.default\">\n\t\t\t\t<div class=\"elementor-widget-container\">\n\t\t\t\t\t\t\t<ul><li>Derecho a retirar el consentimiento en cualquier momento.<\/li><li>Derecho de acceso, rectificaci\u00f3n, portabilidad y supresi\u00f3n de sus datos y la limitaci\u00f3n u oposici\u00f3n a su tratamiento.<\/li><li>Derecho a presentar reclamaci\u00f3n ante la Autoridad de control (www.agpd.es) si considera que el tratamiento no se ajusta a la normativa vigente.<\/li><\/ul>\t\t\t\t\t\t<\/div>\n\t\t\t\t<\/div>\n\t\t\t\t\t<\/div>\n\t\t<\/div>\n\t\t\t\t\t<\/div>\n\t\t<\/section>\n\t\t\t\t<section class=\"elementor-section elementor-top-section elementor-element elementor-element-7cb3e2f elementor-section-boxed elementor-section-height-default elementor-section-height-default\" data-id=\"7cb3e2f\" data-element_type=\"section\">\n\t\t\t\t\t\t<div class=\"elementor-container elementor-column-gap-default\">\n\t\t\t\t\t<div class=\"elementor-column elementor-col-100 elementor-top-column elementor-element elementor-element-b038130\" data-id=\"b038130\" data-element_type=\"column\">\n\t\t\t<div class=\"elementor-widget-wrap elementor-element-populated\">\n\t\t\t\t\t\t<div class=\"elementor-element elementor-element-0e3dad8 elementor-widget elementor-widget-heading\" data-id=\"0e3dad8\" data-element_type=\"widget\" data-widget_type=\"heading.default\">\n\t\t\t\t<div class=\"elementor-widget-container\">\n\t\t\t<h2 class=\"elementor-heading-title elementor-size-default\">9. Otra informaci\u00f3n de inter\u00e9s<\/h2>\t\t<\/div>\n\t\t\t\t<\/div>\n\t\t\t\t\t<\/div>\n\t\t<\/div>\n\t\t\t\t\t<\/div>\n\t\t<\/section>\n\t\t\t\t<section class=\"elementor-section elementor-top-section elementor-element elementor-element-273a508 elementor-section-boxed elementor-section-height-default elementor-section-height-default\" data-id=\"273a508\" data-element_type=\"section\">\n\t\t\t\t\t\t<div class=\"elementor-container elementor-column-gap-default\">\n\t\t\t\t\t<div class=\"elementor-column elementor-col-100 elementor-top-column elementor-element elementor-element-9aa7140\" data-id=\"9aa7140\" data-element_type=\"column\">\n\t\t\t<div class=\"elementor-widget-wrap elementor-element-populated\">\n\t\t\t\t\t\t<div class=\"elementor-element elementor-element-dd38c4c elementor-widget elementor-widget-text-editor\" data-id=\"dd38c4c\" data-element_type=\"widget\" data-widget_type=\"text-editor.default\">\n\t\t\t\t<div class=\"elementor-widget-container\">\n\t\t\t\t\t\t\t<p>EL RESPONSABLE podr\u00e1 modificar y\/o sustituir en cualquier momento la presente pol\u00edtica que, seg\u00fan los casos, sustituir\u00e1, completar\u00e1 y\/o modificar\u00e1 la actualmente publicada aqu\u00ed recogida. Por eso el usuario deber\u00e1 acceder peri\u00f3dicamente a \u00e9stas para mantener actualizado.<\/p><p>El usuario puede contactar con EL RESPONSABLE, mediante el servicio de mensajer\u00eda interna de la red social o a trav\u00e9s de las siguientes direcciones y datos de contacto:<\/p><p><strong>CMAP, S.L.<\/strong><\/p><p><strong>Balmes, 319 1\u00ba B\u00a0\u00a0 08006 Barcelona<\/strong><\/p><p><strong>cmap@cmap.cat<\/strong><\/p><p>Asimismo, el usuario puede consultar las normas y pol\u00edticas publicadas por el titular de la red social para el uso de la misma.<\/p>\t\t\t\t\t\t<\/div>\n\t\t\t\t<\/div>\n\t\t\t\t\t<\/div>\n\t\t<\/div>\n\t\t\t\t\t<\/div>\n\t\t<\/section>\n\t\t\t\t<section class=\"elementor-section elementor-top-section elementor-element elementor-element-3d12a54 elementor-section-boxed elementor-section-height-default elementor-section-height-default\" data-id=\"3d12a54\" data-element_type=\"section\">\n\t\t\t\t\t\t<div class=\"elementor-container elementor-column-gap-default\">\n\t\t\t\t\t<div class=\"elementor-column elementor-col-100 elementor-top-column elementor-element elementor-element-78042a6\" data-id=\"78042a6\" data-element_type=\"column\">\n\t\t\t<div class=\"elementor-widget-wrap elementor-element-populated\">\n\t\t\t\t\t\t<div class=\"elementor-element elementor-element-dc66fd3 elementor-widget elementor-widget-spacer\" data-id=\"dc66fd3\" data-element_type=\"widget\" data-widget_type=\"spacer.default\">\n\t\t\t\t<div class=\"elementor-widget-container\">\n\t\t\t\t\t<div class=\"elementor-spacer\">\n\t\t\t<div class=\"elementor-spacer-inner\"><\/div>\n\t\t<\/div>\n\t\t\t\t<\/div>\n\t\t\t\t<\/div>\n\t\t\t\t\t<\/div>\n\t\t<\/div>\n\t\t\t\t\t<\/div>\n\t\t<\/section>\n\t\t\t\t<\/div>","protected":false},"excerpt":{"rendered":"<p>POL\u00cdTICA DE PRIVACIDAD EN LAS REDES SOCIALES 1. Informaci\u00f3n sobre el responsable del tratamiento de los datos alojados en la p\u00e1gina oficial de CMAP, SL en las redes sociales De conformidad con el deber de informaci\u00f3n establecido en el Reglamento (UE) 2016\/679 de 27 de abril (GDPR), CMAP, S.L., en lo sucesivo, EL RESPONSABLE, desea [&hellip;]<\/p>","protected":false},"author":1,"featured_media":0,"parent":0,"menu_order":0,"comment_status":"closed","ping_status":"closed","template":"","meta":{"_acf_changed":false,"_joinchat":[],"footnotes":""},"class_list":["post-568","page","type-page","status-publish","hentry"],"acf":[],"_links":{"self":[{"href":"https:\/\/www.cmap.cat\/es\/wp-json\/wp\/v2\/pages\/568","targetHints":{"allow":["GET"]}}],"collection":[{"href":"https:\/\/www.cmap.cat\/es\/wp-json\/wp\/v2\/pages"}],"about":[{"href":"https:\/\/www.cmap.cat\/es\/wp-json\/wp\/v2\/types\/page"}],"author":[{"embeddable":true,"href":"https:\/\/www.cmap.cat\/es\/wp-json\/wp\/v2\/users\/1"}],"replies":[{"embeddable":true,"href":"https:\/\/www.cmap.cat\/es\/wp-json\/wp\/v2\/comments?post=568"}],"version-history":[{"count":61,"href":"https:\/\/www.cmap.cat\/es\/wp-json\/wp\/v2\/pages\/568\/revisions"}],"predecessor-version":[{"id":1154,"href":"https:\/\/www.cmap.cat\/es\/wp-json\/wp\/v2\/pages\/568\/revisions\/1154"}],"wp:attachment":[{"href":"https:\/\/www.cmap.cat\/es\/wp-json\/wp\/v2\/media?parent=568"}],"curies":[{"name":"wp","href":"https:\/\/api.w.org\/{rel}","templated":true}]}}